{"id":2301,"date":"2013-07-10T12:28:35","date_gmt":"2013-07-10T10:28:35","guid":{"rendered":"http:\/\/foedus.pixelwald.de\/?page_id=2301"},"modified":"2022-04-12T14:29:29","modified_gmt":"2022-04-12T12:29:29","slug":"bewerber","status":"publish","type":"page","link":"https:\/\/foedus-personaldienste.de\/index.php\/bewerber\/","title":{"rendered":"F\u00fcr Bewerber"},"content":{"rendered":"<div class=\"fusion-fullwidth fullwidth-box fusion-builder-row-1 nonhundred-percent-fullwidth non-hundred-percent-height-scrolling\" style=\"--awb-border-radius-top-left:0px;--awb-border-radius-top-right:0px;--awb-border-radius-bottom-right:0px;--awb-border-radius-bottom-left:0px;--awb-flex-wrap:wrap;\" ><div class=\"fusion-builder-row fusion-row\"><div class=\"fusion-layout-column fusion_builder_column fusion-builder-column-0 fusion_builder_column_1_1 1_1 fusion-one-full fusion-column-first fusion-column-last\" style=\"--awb-bg-size:cover;\"><div class=\"fusion-column-wrapper fusion-flex-column-wrapper-legacy\"><div class=\"fusion-text fusion-text-1\" style=\"--awb-text-transform:none;\"><h2>Ehrlich, fair, zuverl\u00e4ssig<\/h2>\n<p>Mit ca. 20 Jahren Berufserfahrung in der Personaldienstleistung sind wir f\u00fcr Sie ein kompetenter und zuverl\u00e4ssiger Ansprechpartner. <strong>foedus<\/strong> steht f\u00fcr Ehrlichkeit, Fairness und Zuverl\u00e4ssigkeit. Ihre Zufriedenheit als MitarbeiterIn ist die Grundlage f\u00fcr den Erfolg unseres Unternehmens. <strong>foedus<\/strong> sorgt als verl\u00e4sslicher Arbeitgeber f\u00fcr ein angenehmes Arbeitsklima und die M\u00f6glichkeit der pers\u00f6nlichen Entfaltung.<\/p>\n<\/div><div class=\"fusion-clearfix\"><\/div><\/div><\/div><div class=\"fusion-layout-column fusion_builder_column fusion-builder-column-1 fusion_builder_column_3_5 3_5 fusion-three-fifth fusion-column-first\" style=\"--awb-bg-size:cover;width:60%;width:calc(60% - ( ( 4% ) * 0.6 ) );margin-right: 4%;\"><div class=\"fusion-column-wrapper fusion-flex-column-wrapper-legacy\"><div class=\"fusion-text fusion-text-2\"><h3>Sie finden bei uns:<\/h3>\n<\/div><ul style=\"--awb-size:13px;--awb-iconcolor:#e88f12;--awb-line-height:22.1px;--awb-icon-width:22.1px;--awb-icon-height:22.1px;--awb-icon-margin:9.1px;--awb-content-margin:31.2px;\" class=\"fusion-checklist fusion-checklist-1 fusion-checklist-default type-icons\"><li class=\"fusion-li-item\" style=\"\"><span class=\"icon-wrapper circle-no\"><i class=\"fusion-li-icon fa fa-circle\" aria-hidden=\"true\"><\/i><\/span><div class=\"fusion-li-item-content\">\n<p>Menschlichkeit und freundlichen, respektvollen Umgang miteinander<\/p>\n<\/div><\/li><li class=\"fusion-li-item\" style=\"\"><span class=\"icon-wrapper circle-no\"><i class=\"fusion-li-icon fa fa-circle\" aria-hidden=\"true\"><\/i><\/span><div class=\"fusion-li-item-content\">\n<p>Anerkennung und Wertsch\u00e4tzung Ihrer pers\u00f6nlichen Leistung<\/p>\n<\/div><\/li><li class=\"fusion-li-item\" style=\"\"><span class=\"icon-wrapper circle-no\"><i class=\"fusion-li-icon fa fa-circle\" aria-hidden=\"true\"><\/i><\/span><div class=\"fusion-li-item-content\">\n<p>Famili\u00e4rer Umgang und ein \u201eoffenes Ohr\u201c f\u00fcr Ihre Bed\u00fcrfnisse<\/p>\n<\/div><\/li><li class=\"fusion-li-item\" style=\"\"><span class=\"icon-wrapper circle-no\"><i class=\"fusion-li-icon fa fa-circle\" aria-hidden=\"true\"><\/i><\/span><div class=\"fusion-li-item-content\">\n<p>Pers\u00f6nliche Betreuung und Begleitung am ersten Arbeitstag<\/p>\n<\/div><\/li><li class=\"fusion-li-item\" style=\"\"><span class=\"icon-wrapper circle-no\"><i class=\"fusion-li-icon fa fa-circle\" aria-hidden=\"true\"><\/i><\/span><div class=\"fusion-li-item-content\">\n<p>Verbindlichkeit \u201eMiteinander, F\u00fcreinander\u201c<\/p>\n<\/div><\/li><li class=\"fusion-li-item\" style=\"\"><span class=\"icon-wrapper circle-no\"><i class=\"fusion-li-icon fa fa-circle\" aria-hidden=\"true\"><\/i><\/span><div class=\"fusion-li-item-content\">\n<p>Innerbetriebliche Fort- und Weiterbildung<\/p>\n<\/div><\/li><li class=\"fusion-li-item\" style=\"\"><span class=\"icon-wrapper circle-no\"><i class=\"fusion-li-icon fa fa-circle\" aria-hidden=\"true\"><\/i><\/span><div class=\"fusion-li-item-content\">\n<p>Faire Entlohnung und Lohnzahlungen bis sp\u00e4testens 11. des Folgemonates<\/p>\n<\/div><\/li><li class=\"fusion-li-item\" style=\"\"><span class=\"icon-wrapper circle-no\"><i class=\"fusion-li-icon fa fa-circle\" aria-hidden=\"true\"><\/i><\/span><div class=\"fusion-li-item-content\">\n<p>Interessante Arbeitsstellen in Ihrer N\u00e4he<\/p>\n<\/div><\/li><\/ul><div class=\"fusion-text fusion-text-3\"><p>Wir w\u00fcrden uns sehr freuen Sie in unserem Team begr\u00fc\u00dfen zu d\u00fcrfen!<\/p>\n<\/div><div class=\"fusion-clearfix\"><\/div><\/div><\/div><div class=\"fusion-layout-column fusion_builder_column fusion-builder-column-2 fusion_builder_column_2_5 2_5 fusion-two-fifth fusion-column-last\" style=\"--awb-bg-size:cover;width:40%;width:calc(40% - ( ( 4% ) * 0.4 ) );\"><div class=\"fusion-column-wrapper fusion-flex-column-wrapper-legacy\"><div class=\"fusion-text fusion-text-4\"><h3>Der Tarifvertrag:<\/h3>\n<p><a href=\"http:\/\/www.ig-zeitarbeit.de\/infos-zur-zeitarbeit\/igz-dgb-tarifvertrag\/igz-dgb-tarifvertrag\" target=\"_blank\" rel=\"noopener\"><img decoding=\"async\" class=\"alignnone size-full wp-image-3251\" src=\"https:\/\/foedus-personaldienste.de\/wp-content\/uploads\/igzlogo.jpg\" alt=\"igzlogo\" width=\"271\" height=\"180\" \/><\/a><\/p>\n<div class=\"fusion-button-wrapper\"><a class=\"fusion-button button-flat fusion-button-default-size button-custom fusion-button-default button-1 fusion-button-default-span fusion-button-default-type\" style=\"--button_accent_color:#ffffff;--button_accent_hover_color:#ffffff;--button_border_hover_color:#ffffff;--button_gradient_top_color:#e88f12;--button_gradient_bottom_color:#e88f12;--button_gradient_top_color_hover:#e88f12;--button_gradient_bottom_color_hover:#e88f12;\" target=\"_self\" href=\"http:\/\/www.ig-zeitarbeit.de\/infos-zur-zeitarbeit\/igz-dgb-tarifvertrag\/igz-dgb-tarifvertrag\"><span class=\"fusion-button-text awb-button__text awb-button__text--default\">ZUM IGZ!<\/span><\/a><\/div>\n<\/div><div class=\"fusion-clearfix\"><\/div><\/div><\/div><div class=\"fusion-layout-column fusion_builder_column fusion-builder-column-3 fusion_builder_column_1_1 1_1 fusion-one-full fusion-column-first fusion-column-last\" style=\"--awb-bg-size:cover;\"><div class=\"fusion-column-wrapper fusion-flex-column-wrapper-legacy\"><div class=\"fusion-text fusion-text-5\"><h3>Unterm Strich:<\/h3>\n<hr style=\"color: #e88f12; background-color: #e88f12; height: 3px;\" \/>\n<h3>Ihr neuer Arbeitgeber<\/h3>\n<\/div><div class=\"fusion-clearfix\"><\/div><\/div><\/div><div class=\"fusion-layout-column fusion_builder_column fusion-builder-column-4 fusion_builder_column_1_3 1_3 fusion-one-third fusion-column-first\" style=\"--awb-bg-size:cover;width:33.3333333333%;width:calc(33.3333333333% - ( ( 4% + 4% ) * 0.333333333333 ) );margin-right: 4%;\"><div class=\"fusion-column-wrapper fusion-flex-column-wrapper-legacy\"><div class=\"fusion-text fusion-text-6\"><p>in W\u00fcrselen<\/p>\n<div class=\"fusion-button-wrapper\"><a class=\"fusion-button button-flat fusion-button-default-size button-custom fusion-button-default button-2 fusion-button-default-span fusion-button-default-type\" style=\"--button_accent_color:#ffffff;--button_accent_hover_color:#ffffff;--button_border_hover_color:#ffffff;--button_gradient_top_color:#e88f12;--button_gradient_bottom_color:#e88f12;--button_gradient_top_color_hover:#e88f12;--button_gradient_bottom_color_hover:#e88f12;\" target=\"_self\" href=\"https:\/\/foedus-personaldienste.de\/index.php\/bewerbung\/\"><span class=\"fusion-button-text awb-button__text awb-button__text--default\">JETZT BEWERBEN<\/span><\/a><\/div>\n<\/div><div class=\"fusion-clearfix\"><\/div><\/div><\/div><div class=\"fusion-layout-column fusion_builder_column fusion-builder-column-5 fusion_builder_column_1_3 1_3 fusion-one-third\" style=\"--awb-bg-size:cover;width:33.3333333333%;width:calc(33.3333333333% - ( ( 4% + 4% ) * 0.333333333333 ) );margin-right: 4%;\"><div class=\"fusion-column-wrapper fusion-flex-column-wrapper-legacy\"><div class=\"fusion-text fusion-text-7\"><p>in D\u00fcren<\/p>\n<div class=\"fusion-button-wrapper\"><a class=\"fusion-button button-flat fusion-button-default-size button-custom fusion-button-default button-3 fusion-button-default-span fusion-button-default-type\" style=\"--button_accent_color:#ffffff;--button_accent_hover_color:#ffffff;--button_border_hover_color:#ffffff;--button_gradient_top_color:#e88f12;--button_gradient_bottom_color:#e88f12;--button_gradient_top_color_hover:#e88f12;--button_gradient_bottom_color_hover:#e88f12;\" target=\"_self\" href=\"https:\/\/foedus-personaldienste.de\/index.php\/bewerbung-dueren\/\"><span class=\"fusion-button-text awb-button__text awb-button__text--default\">JETZT BEWERBEN<\/span><\/a><\/div>\n<\/div><div class=\"fusion-clearfix\"><\/div><\/div><\/div><div class=\"fusion-layout-column fusion_builder_column fusion-builder-column-6 fusion_builder_column_1_3 1_3 fusion-one-third fusion-column-last\" style=\"--awb-bg-size:cover;width:33.3333333333%;width:calc(33.3333333333% - ( ( 4% + 4% ) * 0.333333333333 ) );\"><div class=\"fusion-column-wrapper fusion-flex-column-wrapper-legacy\"><div class=\"fusion-clearfix\"><\/div><\/div><\/div><\/div><\/div>\n","protected":false},"excerpt":{"rendered":"","protected":false},"author":1,"featured_media":5206,"parent":0,"menu_order":0,"comment_status":"closed","ping_status":"closed","template":"","meta":{"footnotes":""},"class_list":["post-2301","page","type-page","status-publish","has-post-thumbnail","hentry"],"_links":{"self":[{"href":"https:\/\/foedus-personaldienste.de\/index.php\/wp-json\/wp\/v2\/pages\/2301","targetHints":{"allow":["GET"]}}],"collection":[{"href":"https:\/\/foedus-personaldienste.de\/index.php\/wp-json\/wp\/v2\/pages"}],"about":[{"href":"https:\/\/foedus-personaldienste.de\/index.php\/wp-json\/wp\/v2\/types\/page"}],"author":[{"embeddable":true,"href":"https:\/\/foedus-personaldienste.de\/index.php\/wp-json\/wp\/v2\/users\/1"}],"replies":[{"embeddable":true,"href":"https:\/\/foedus-personaldienste.de\/index.php\/wp-json\/wp\/v2\/comments?post=2301"}],"version-history":[{"count":0,"href":"https:\/\/foedus-personaldienste.de\/index.php\/wp-json\/wp\/v2\/pages\/2301\/revisions"}],"wp:featuredmedia":[{"embeddable":true,"href":"https:\/\/foedus-personaldienste.de\/index.php\/wp-json\/wp\/v2\/media\/5206"}],"wp:attachment":[{"href":"https:\/\/foedus-personaldienste.de\/index.php\/wp-json\/wp\/v2\/media?parent=2301"}],"curies":[{"name":"wp","href":"https:\/\/api.w.org\/{rel}","templated":true}]}}